{"id":1671,"date":"2022-01-18T15:40:33","date_gmt":"2022-01-18T15:40:33","guid":{"rendered":"https:\/\/elcaminoarete.com\/es\/?page_id=1671"},"modified":"2022-02-22T17:21:16","modified_gmt":"2022-02-22T17:21:16","slug":"el-equipo","status":"publish","type":"page","link":"https:\/\/elcaminoarete.com\/es\/el-equipo\/","title":{"rendered":"El equipo"},"content":{"rendered":"<section class=\"l-section wpb_row us_custom_916d5e53 height_medium\"><div class=\"l-section-h i-cf\"><div class=\"g-cols vc_row type_default valign_top\"><div class=\"vc_col-sm-12 wpb_column vc_column_container\"><div class=\"vc_column-inner\"><div class=\"wpb_wrapper\"><div class=\"g-cols wpb_row  type_default valign_top vc_inner\"><div class=\"vc_col-sm-6 wpb_column vc_column_container\"><div class=\"vc_column-inner\"><div class=\"wpb_wrapper\"><h1 class=\"w-text\"><span class=\"w-text-h\"><span class=\"w-text-value\">Nuestro equipo<\/span><\/span><\/h1><\/div><\/div><\/div><div class=\"vc_col-sm-6 wpb_column vc_column_container\"><div class=\"vc_column-inner\"><div class=\"wpb_wrapper\"><\/div><\/div><\/div><\/div><div class=\"w-separator size_medium\"><\/div><div class=\"g-cols wpb_row  type_default valign_top vc_inner\"><div class=\"vc_col-sm-3 wpb_column vc_column_container\"><div class=\"vc_column-inner\"><div class=\"wpb_wrapper\"><div class=\"w-image us_custom_213e151c align_none\"><div class=\"w-image-h\"><img loading=\"lazy\" decoding=\"async\" width=\"763\" height=\"640\" src=\"https:\/\/elcaminoarete.com\/es\/wp-content\/uploads\/sites\/3\/2022\/01\/Vicky-Oteiza.png\" class=\"attachment-large size-large\" alt=\"\" srcset=\"https:\/\/elcaminoarete.com\/es\/wp-content\/uploads\/sites\/3\/2022\/01\/Vicky-Oteiza.png 763w, https:\/\/elcaminoarete.com\/es\/wp-content\/uploads\/sites\/3\/2022\/01\/Vicky-Oteiza-300x252.png 300w, https:\/\/elcaminoarete.com\/es\/wp-content\/uploads\/sites\/3\/2022\/01\/Vicky-Oteiza-60x50.png 60w, https:\/\/elcaminoarete.com\/es\/wp-content\/uploads\/sites\/3\/2022\/01\/Vicky-Oteiza-500x419.png 500w\" sizes=\"(max-width: 763px) 100vw, 763px\" \/><\/div><\/div><div class=\"w-separator size_small\"><\/div><div class=\"wpb_text_column\"><div class=\"wpb_wrapper\"><h3 style=\"text-align: center;\">VICKY OTEIZA<\/h3>\n<p style=\"text-align: center;\">M\u00e1ster en Counselling y Psicoterapia<\/p>\n<\/div><\/div><div class=\"w-separator size_small\"><\/div><\/div><\/div><\/div><div class=\"vc_col-sm-3 wpb_column vc_column_container\"><div class=\"vc_column-inner\"><div class=\"wpb_wrapper\"><div class=\"w-image us_custom_213e151c align_none\"><div class=\"w-image-h\"><img loading=\"lazy\" decoding=\"async\" width=\"763\" height=\"640\" src=\"https:\/\/elcaminoarete.com\/es\/wp-content\/uploads\/sites\/3\/2022\/01\/Jose-Mari-Ardanaz-Ezcurdia.png\" class=\"attachment-large size-large\" alt=\"\" srcset=\"https:\/\/elcaminoarete.com\/es\/wp-content\/uploads\/sites\/3\/2022\/01\/Jose-Mari-Ardanaz-Ezcurdia.png 763w, https:\/\/elcaminoarete.com\/es\/wp-content\/uploads\/sites\/3\/2022\/01\/Jose-Mari-Ardanaz-Ezcurdia-300x252.png 300w, https:\/\/elcaminoarete.com\/es\/wp-content\/uploads\/sites\/3\/2022\/01\/Jose-Mari-Ardanaz-Ezcurdia-60x50.png 60w, https:\/\/elcaminoarete.com\/es\/wp-content\/uploads\/sites\/3\/2022\/01\/Jose-Mari-Ardanaz-Ezcurdia-500x419.png 500w\" sizes=\"(max-width: 763px) 100vw, 763px\" \/><\/div><\/div><div class=\"w-separator size_small\"><\/div><div class=\"wpb_text_column\"><div class=\"wpb_wrapper\"><h3 style=\"text-align: center;\">JOSE MARI ARDANAZ<\/h3>\n<p style=\"text-align: center;\">Peregrino experimentado.<br \/>\nFundador de El Camino People<\/p>\n<\/div><\/div><div class=\"w-separator size_small\"><\/div><\/div><\/div><\/div><div class=\"vc_col-sm-3 wpb_column vc_column_container\"><div class=\"vc_column-inner\"><div class=\"wpb_wrapper\"><div class=\"w-image us_custom_213e151c align_none\"><div class=\"w-image-h\"><img loading=\"lazy\" decoding=\"async\" width=\"763\" height=\"640\" src=\"https:\/\/elcaminoarete.com\/es\/wp-content\/uploads\/sites\/3\/2022\/01\/Eva-Martinez.png\" class=\"attachment-large size-large\" alt=\"\" srcset=\"https:\/\/elcaminoarete.com\/es\/wp-content\/uploads\/sites\/3\/2022\/01\/Eva-Martinez.png 763w, https:\/\/elcaminoarete.com\/es\/wp-content\/uploads\/sites\/3\/2022\/01\/Eva-Martinez-300x252.png 300w, https:\/\/elcaminoarete.com\/es\/wp-content\/uploads\/sites\/3\/2022\/01\/Eva-Martinez-60x50.png 60w, https:\/\/elcaminoarete.com\/es\/wp-content\/uploads\/sites\/3\/2022\/01\/Eva-Martinez-500x419.png 500w\" sizes=\"(max-width: 763px) 100vw, 763px\" \/><\/div><\/div><div class=\"w-separator size_small\"><\/div><div class=\"wpb_text_column\"><div class=\"wpb_wrapper\"><h3 style=\"text-align: center;\">EVA MARTINEZ<\/h3>\n<p style=\"text-align: center;\">Licenciada en Pedagog\u00eda<\/p>\n<\/div><\/div><div class=\"w-separator size_small\"><\/div><\/div><\/div><\/div><div class=\"vc_col-sm-3 wpb_column vc_column_container\"><div class=\"vc_column-inner\"><div class=\"wpb_wrapper\"><div class=\"w-image us_custom_213e151c align_none\"><div class=\"w-image-h\"><img loading=\"lazy\" decoding=\"async\" width=\"763\" height=\"640\" src=\"https:\/\/elcaminoarete.com\/es\/wp-content\/uploads\/sites\/3\/2022\/01\/AITOR-ETXEBERRIA.png\" class=\"attachment-large size-large\" alt=\"\" srcset=\"https:\/\/elcaminoarete.com\/es\/wp-content\/uploads\/sites\/3\/2022\/01\/AITOR-ETXEBERRIA.png 763w, https:\/\/elcaminoarete.com\/es\/wp-content\/uploads\/sites\/3\/2022\/01\/AITOR-ETXEBERRIA-300x252.png 300w, https:\/\/elcaminoarete.com\/es\/wp-content\/uploads\/sites\/3\/2022\/01\/AITOR-ETXEBERRIA-60x50.png 60w, https:\/\/elcaminoarete.com\/es\/wp-content\/uploads\/sites\/3\/2022\/01\/AITOR-ETXEBERRIA-500x419.png 500w\" sizes=\"(max-width: 763px) 100vw, 763px\" \/><\/div><\/div><div class=\"w-separator size_small\"><\/div><div class=\"wpb_text_column\"><div class=\"wpb_wrapper\"><h3 style=\"text-align: center;\">AITOR ETXEBERRIA<\/h3>\n<p style=\"text-align: center;\">Licenciado en Psicopedagog\u00eda y magisterio en Educaci\u00f3n F\u00edsica<\/p>\n<\/div><\/div><div class=\"w-separator size_small\"><\/div><\/div><\/div><\/div><div class=\"vc_col-sm-3 wpb_column vc_column_container\"><div class=\"vc_column-inner\"><div class=\"wpb_wrapper\"><div class=\"w-image us_custom_213e151c align_none\"><div class=\"w-image-h\"><img loading=\"lazy\" decoding=\"async\" width=\"763\" height=\"640\" src=\"https:\/\/elcaminoarete.com\/es\/wp-content\/uploads\/sites\/3\/2022\/01\/ITSASO-CIRIZA-PEREZ-DE-ALBENIZ.png\" class=\"attachment-large size-large\" alt=\"\" srcset=\"https:\/\/elcaminoarete.com\/es\/wp-content\/uploads\/sites\/3\/2022\/01\/ITSASO-CIRIZA-PEREZ-DE-ALBENIZ.png 763w, https:\/\/elcaminoarete.com\/es\/wp-content\/uploads\/sites\/3\/2022\/01\/ITSASO-CIRIZA-PEREZ-DE-ALBENIZ-300x252.png 300w, https:\/\/elcaminoarete.com\/es\/wp-content\/uploads\/sites\/3\/2022\/01\/ITSASO-CIRIZA-PEREZ-DE-ALBENIZ-60x50.png 60w, https:\/\/elcaminoarete.com\/es\/wp-content\/uploads\/sites\/3\/2022\/01\/ITSASO-CIRIZA-PEREZ-DE-ALBENIZ-500x419.png 500w\" sizes=\"(max-width: 763px) 100vw, 763px\" \/><\/div><\/div><div class=\"w-separator size_small\"><\/div><div class=\"wpb_text_column\"><div class=\"wpb_wrapper\"><h3 style=\"text-align: center;\">ITSASO CIRIZA PEREZ DE ALBENIZ<\/h3>\n<p style=\"text-align: center;\">Formadora y Mediadora<\/p>\n<\/div><\/div><div class=\"w-separator size_small\"><\/div><\/div><\/div><\/div><div class=\"vc_col-sm-3 wpb_column vc_column_container\"><div class=\"vc_column-inner\"><div class=\"wpb_wrapper\"><div class=\"w-image us_custom_213e151c align_none\"><div class=\"w-image-h\"><img loading=\"lazy\" decoding=\"async\" width=\"763\" height=\"640\" src=\"https:\/\/elcaminoarete.com\/es\/wp-content\/uploads\/sites\/3\/2022\/01\/Elsa-Gil.png\" class=\"attachment-large size-large\" alt=\"\" srcset=\"https:\/\/elcaminoarete.com\/es\/wp-content\/uploads\/sites\/3\/2022\/01\/Elsa-Gil.png 763w, https:\/\/elcaminoarete.com\/es\/wp-content\/uploads\/sites\/3\/2022\/01\/Elsa-Gil-300x252.png 300w, https:\/\/elcaminoarete.com\/es\/wp-content\/uploads\/sites\/3\/2022\/01\/Elsa-Gil-60x50.png 60w, https:\/\/elcaminoarete.com\/es\/wp-content\/uploads\/sites\/3\/2022\/01\/Elsa-Gil-500x419.png 500w\" sizes=\"(max-width: 763px) 100vw, 763px\" \/><\/div><\/div><div class=\"w-separator size_small\"><\/div><div class=\"wpb_text_column\"><div class=\"wpb_wrapper\"><h3 style=\"text-align: center;\">ELSA GIL<\/h3>\n<p style=\"text-align: center;\">Formaci\u00f3n en Coaching Sist\u00e9mico y Constelaciones Organizacionales<\/p>\n<\/div><\/div><div class=\"w-separator size_small\"><\/div><\/div><\/div><\/div><div class=\"vc_col-sm-3 wpb_column vc_column_container\"><div class=\"vc_column-inner\"><div class=\"wpb_wrapper\"><div class=\"w-image us_custom_213e151c align_none\"><div class=\"w-image-h\"><img loading=\"lazy\" decoding=\"async\" width=\"763\" height=\"640\" src=\"https:\/\/elcaminoarete.com\/es\/wp-content\/uploads\/sites\/3\/2022\/01\/M\u00d3NICA-ALDEGUNDE.png\" class=\"attachment-large size-large\" alt=\"\" srcset=\"https:\/\/elcaminoarete.com\/es\/wp-content\/uploads\/sites\/3\/2022\/01\/M\u00d3NICA-ALDEGUNDE.png 763w, https:\/\/elcaminoarete.com\/es\/wp-content\/uploads\/sites\/3\/2022\/01\/M\u00d3NICA-ALDEGUNDE-300x252.png 300w, https:\/\/elcaminoarete.com\/es\/wp-content\/uploads\/sites\/3\/2022\/01\/M\u00d3NICA-ALDEGUNDE-60x50.png 60w, https:\/\/elcaminoarete.com\/es\/wp-content\/uploads\/sites\/3\/2022\/01\/M\u00d3NICA-ALDEGUNDE-500x419.png 500w\" sizes=\"(max-width: 763px) 100vw, 763px\" \/><\/div><\/div><div class=\"w-separator size_small\"><\/div><div class=\"wpb_text_column\"><div class=\"wpb_wrapper\"><h3 style=\"text-align: center;\">M\u00d3NICA ALDEGUNDE<\/h3>\n<p style=\"text-align: center;\">Experta Coach en desarrollo por competencias. Coach Corporal.<\/p>\n<\/div><\/div><div class=\"w-separator size_small\"><\/div><\/div><\/div><\/div><div class=\"vc_col-sm-3 wpb_column vc_column_container\"><div class=\"vc_column-inner\"><div class=\"wpb_wrapper\"><div class=\"w-image us_custom_213e151c align_none\"><div class=\"w-image-h\"><img loading=\"lazy\" decoding=\"async\" width=\"763\" height=\"640\" src=\"https:\/\/elcaminoarete.com\/es\/wp-content\/uploads\/sites\/3\/2022\/01\/ALMUDENA-FERN\u00c1NDEZ.png\" class=\"attachment-large size-large\" alt=\"\" srcset=\"https:\/\/elcaminoarete.com\/es\/wp-content\/uploads\/sites\/3\/2022\/01\/ALMUDENA-FERN\u00c1NDEZ.png 763w, https:\/\/elcaminoarete.com\/es\/wp-content\/uploads\/sites\/3\/2022\/01\/ALMUDENA-FERN\u00c1NDEZ-300x252.png 300w, https:\/\/elcaminoarete.com\/es\/wp-content\/uploads\/sites\/3\/2022\/01\/ALMUDENA-FERN\u00c1NDEZ-60x50.png 60w, https:\/\/elcaminoarete.com\/es\/wp-content\/uploads\/sites\/3\/2022\/01\/ALMUDENA-FERN\u00c1NDEZ-500x419.png 500w\" sizes=\"(max-width: 763px) 100vw, 763px\" \/><\/div><\/div><div class=\"w-separator size_small\"><\/div><div class=\"wpb_text_column\"><div class=\"wpb_wrapper\"><h3 style=\"text-align: center;\">ALMUDENA FERNANDEZ<\/h3>\n<p style=\"text-align: center;\">Experta en Nutrici\u00f3n<br \/>\nPractitioner en Programaci\u00f3n Neuroling\u00fc\u00edstica<br \/>\nAntrop\u00f3loga y Enfermera<\/p>\n<\/div><\/div><div class=\"w-separator size_small\"><\/div><\/div><\/div><\/div><\/div><\/div><\/div><\/div><\/div><\/div><\/section>\n","protected":false},"excerpt":{"rendered":"Nuestro equipoVICKY OTEIZA M\u00e1ster en Counselling y Psicoterapia JOSE MARI ARDANAZ Peregrino experimentado. Fundador de El Camino People EVA MARTINEZ Licenciada en Pedagog\u00eda AITOR ETXEBERRIA Licenciado en Psicopedagog\u00eda y magisterio en Educaci\u00f3n F\u00edsica ITSASO CIRIZA PEREZ DE ALBENIZ Formadora y Mediadora ELSA GIL Formaci\u00f3n en Coaching Sist\u00e9mico y Constelaciones Organizacionales M\u00d3NICA ALDEGUNDE Experta Coach en...","protected":false},"author":3,"featured_media":0,"parent":0,"menu_order":0,"comment_status":"closed","ping_status":"closed","template":"","meta":{"_exactmetrics_skip_tracking":false,"_exactmetrics_sitenote_active":false,"_exactmetrics_sitenote_note":"","_exactmetrics_sitenote_category":0,"footnotes":""},"yoast_head":"<!-- This site is optimized with the Yoast SEO plugin v22.1 - https:\/\/yoast.com\/wordpress\/plugins\/seo\/ -->\n<title>El equipo - El Camino Aret\u00e9<\/title>\n<meta name=\"robots\" content=\"index, follow, max-snippet:-1, max-image-preview:large, max-video-preview:-1\" \/>\n<link rel=\"canonical\" href=\"https:\/\/elcaminoarete.com\/es\/el-equipo\/\" \/>\n<meta property=\"og:locale\" content=\"es_ES\" \/>\n<meta property=\"og:type\" content=\"article\" \/>\n<meta property=\"og:title\" content=\"El equipo - El Camino Aret\u00e9\" \/>\n<meta property=\"og:url\" content=\"https:\/\/elcaminoarete.com\/es\/el-equipo\/\" \/>\n<meta property=\"og:site_name\" content=\"El Camino Aret\u00e9\" \/>\n<meta property=\"article:modified_time\" content=\"2022-02-22T17:21:16+00:00\" \/>\n<meta property=\"og:image\" content=\"https:\/\/elcaminoarete.com\/es\/wp-content\/uploads\/sites\/3\/2019\/05\/Untitled-design.png\" \/>\n\t<meta property=\"og:image:width\" content=\"200\" \/>\n\t<meta property=\"og:image:height\" content=\"200\" \/>\n\t<meta property=\"og:image:type\" content=\"image\/png\" \/>\n<meta name=\"twitter:card\" content=\"summary_large_image\" \/>\n<meta name=\"twitter:label1\" content=\"Tiempo de lectura\" \/>\n\t<meta name=\"twitter:data1\" content=\"2 minutos\" \/>\n<script type=\"application\/ld+json\" class=\"yoast-schema-graph\">{\"@context\":\"https:\/\/schema.org\",\"@graph\":[{\"@type\":\"WebPage\",\"@id\":\"https:\/\/elcaminoarete.com\/es\/el-equipo\/\",\"url\":\"https:\/\/elcaminoarete.com\/es\/el-equipo\/\",\"name\":\"El equipo - El Camino Aret\u00e9\",\"isPartOf\":{\"@id\":\"https:\/\/elcaminoarete.com\/es\/#website\"},\"datePublished\":\"2022-01-18T15:40:33+00:00\",\"dateModified\":\"2022-02-22T17:21:16+00:00\",\"breadcrumb\":{\"@id\":\"https:\/\/elcaminoarete.com\/es\/el-equipo\/#breadcrumb\"},\"inLanguage\":\"es\",\"potentialAction\":[{\"@type\":\"ReadAction\",\"target\":[\"https:\/\/elcaminoarete.com\/es\/el-equipo\/\"]}]},{\"@type\":\"BreadcrumbList\",\"@id\":\"https:\/\/elcaminoarete.com\/es\/el-equipo\/#breadcrumb\",\"itemListElement\":[{\"@type\":\"ListItem\",\"position\":1,\"name\":\"Portada\",\"item\":\"https:\/\/elcaminoarete.com\/es\/\"},{\"@type\":\"ListItem\",\"position\":2,\"name\":\"El equipo\"}]},{\"@type\":\"WebSite\",\"@id\":\"https:\/\/elcaminoarete.com\/es\/#website\",\"url\":\"https:\/\/elcaminoarete.com\/es\/\",\"name\":\"El Camino Aret\u00e9\",\"description\":\"Coaching en el Camino de Santiago\",\"potentialAction\":[{\"@type\":\"SearchAction\",\"target\":{\"@type\":\"EntryPoint\",\"urlTemplate\":\"https:\/\/elcaminoarete.com\/es\/?s={search_term_string}\"},\"query-input\":\"required name=search_term_string\"}],\"inLanguage\":\"es\"}]}<\/script>\n<!-- \/ Yoast SEO plugin. -->","yoast_head_json":{"title":"El equipo - El Camino Aret\u00e9","robots":{"index":"index","follow":"follow","max-snippet":"max-snippet:-1","max-image-preview":"max-image-preview:large","max-video-preview":"max-video-preview:-1"},"canonical":"https:\/\/elcaminoarete.com\/es\/el-equipo\/","og_locale":"es_ES","og_type":"article","og_title":"El equipo - El Camino Aret\u00e9","og_url":"https:\/\/elcaminoarete.com\/es\/el-equipo\/","og_site_name":"El Camino Aret\u00e9","article_modified_time":"2022-02-22T17:21:16+00:00","og_image":[{"width":200,"height":200,"url":"https:\/\/elcaminoarete.com\/es\/wp-content\/uploads\/sites\/3\/2019\/05\/Untitled-design.png","type":"image\/png"}],"twitter_card":"summary_large_image","twitter_misc":{"Tiempo de lectura":"2 minutos"},"schema":{"@context":"https:\/\/schema.org","@graph":[{"@type":"WebPage","@id":"https:\/\/elcaminoarete.com\/es\/el-equipo\/","url":"https:\/\/elcaminoarete.com\/es\/el-equipo\/","name":"El equipo - El Camino Aret\u00e9","isPartOf":{"@id":"https:\/\/elcaminoarete.com\/es\/#website"},"datePublished":"2022-01-18T15:40:33+00:00","dateModified":"2022-02-22T17:21:16+00:00","breadcrumb":{"@id":"https:\/\/elcaminoarete.com\/es\/el-equipo\/#breadcrumb"},"inLanguage":"es","potentialAction":[{"@type":"ReadAction","target":["https:\/\/elcaminoarete.com\/es\/el-equipo\/"]}]},{"@type":"BreadcrumbList","@id":"https:\/\/elcaminoarete.com\/es\/el-equipo\/#breadcrumb","itemListElement":[{"@type":"ListItem","position":1,"name":"Portada","item":"https:\/\/elcaminoarete.com\/es\/"},{"@type":"ListItem","position":2,"name":"El equipo"}]},{"@type":"WebSite","@id":"https:\/\/elcaminoarete.com\/es\/#website","url":"https:\/\/elcaminoarete.com\/es\/","name":"El Camino Aret\u00e9","description":"Coaching en el Camino de Santiago","potentialAction":[{"@type":"SearchAction","target":{"@type":"EntryPoint","urlTemplate":"https:\/\/elcaminoarete.com\/es\/?s={search_term_string}"},"query-input":"required name=search_term_string"}],"inLanguage":"es"}]}},"_links":{"self":[{"href":"https:\/\/elcaminoarete.com\/es\/wp-json\/wp\/v2\/pages\/1671"}],"collection":[{"href":"https:\/\/elcaminoarete.com\/es\/wp-json\/wp\/v2\/pages"}],"about":[{"href":"https:\/\/elcaminoarete.com\/es\/wp-json\/wp\/v2\/types\/page"}],"author":[{"embeddable":true,"href":"https:\/\/elcaminoarete.com\/es\/wp-json\/wp\/v2\/users\/3"}],"replies":[{"embeddable":true,"href":"https:\/\/elcaminoarete.com\/es\/wp-json\/wp\/v2\/comments?post=1671"}],"version-history":[{"count":5,"href":"https:\/\/elcaminoarete.com\/es\/wp-json\/wp\/v2\/pages\/1671\/revisions"}],"predecessor-version":[{"id":1713,"href":"https:\/\/elcaminoarete.com\/es\/wp-json\/wp\/v2\/pages\/1671\/revisions\/1713"}],"wp:attachment":[{"href":"https:\/\/elcaminoarete.com\/es\/wp-json\/wp\/v2\/media?parent=1671"}],"curies":[{"name":"wp","href":"https:\/\/api.w.org\/{rel}","templated":true}]}}