{"id":8,"date":"2019-02-21T11:21:01","date_gmt":"2019-02-21T11:21:01","guid":{"rendered":"https:\/\/elcaminoarete.com\/?page_id=8"},"modified":"2021-04-19T06:58:33","modified_gmt":"2021-04-19T06:58:33","slug":"home","status":"publish","type":"page","link":"https:\/\/elcaminoarete.com\/fr\/","title":{"rendered":"Home"},"content":{"rendered":"<section class=\"l-section wpb_row us_custom_93267f78 height_full valign_center color_secondary with_img with_overlay\" id=\"home\"><div class=\"l-section-img\" style=\"background-image: url(https:\/\/elcaminoarete.com\/fr\/wp-content\/uploads\/sites\/2\/2019\/02\/walking.jpg);\" data-img-width=\"1280\" data-img-height=\"720\"><\/div><div class=\"l-section-overlay\" style=\"background: rgba(0,0,0,0.6)\"><\/div><div class=\"l-section-h i-cf\"><div class=\"g-cols vc_row type_default valign_top\"><div class=\"vc_col-sm-12 wpb_column vc_column_container align_center\"><div class=\"vc_column-inner\"><div class=\"wpb_wrapper\">[vc_custom_heading text=&#8221;Le Chemin Aret\u00e9&#8221; font_container=&#8221;tag:h1|font_size:5rem|text_align:center|line_height:1.1&#8243; use_theme_fonts=&#8221;yes&#8221; css=&#8221;%7B%22default%22%3A%7B%22font-size%22%3A%225rem%22%2C%22line-height%22%3A%221.1%22%7D%7D&#8221;][vc_custom_heading text=&#8221;Coaching et pleine conscience \u00e0 Le Chemin&#8221; font_container=&#8221;tag:h3|font_size:2.6rem|text_align:center|line_height:1.1&#8243; use_theme_fonts=&#8221;yes&#8221; css=&#8221;%7B%22default%22%3A%7B%22font-size%22%3A%222.6rem%22%2C%22line-height%22%3A%221.1%22%7D%7D&#8221;]<div class=\"w-separator size_medium\"><\/div><div class=\"w-popup align_center\" ><div class=\"w-btn-wrapper\"><a href=\"javascript:void(0)\" class=\"w-popup-trigger type_btn w-btn us-btn-style_1\"><span class=\"w-btn-label\">LE PROGRAMME<\/span><\/a><\/div><div class=\"w-popup-overlay\" style=\"background:rgba(0,0,0,0.85);\"><\/div><div class=\"w-popup-wrap\"><div class=\"w-popup-box animation_fadeIn with_title\" style=\"width:900px;\"><div class=\"w-popup-box-h\"><div class=\"w-popup-box-title\" style=\"color:#000000;background:#f6f6f6;\">Le Chemin de Saint Jacques de Compostelle- El Camino Aret\u00e9<\/div><div class=\"w-popup-box-content\" style=\"padding:5%;background:#ffffff;color:#333333;\"><p>Chaque ann\u00e9e plus de 300.000 p\u00e8lerins du monde entier traversent \u00e0 pied les diff\u00e9rents chemins pour\u00a0 avancer vers Santiago de Compostelle. Les raisons qui poussent ces personnes \u00e0 se lancer dans l\u00b4aventure sont vari\u00e9es, mais\u00a0 toutes les personnes veulent se prouver capables de r\u00e9aliser un effort extraordinaire pour atteindre l\u00b4objectif. Et comment savent les personnes qui l\u00b4ont atteint , l\u00b4objetif n\u00b4est pas \u00e0 la fin: \u201cLe m\u00eame chemin est le v\u00e9ritable objectif\u2026\u201d . C\u00b4est pour \u00e7a que certaines personnes\u00a0 effectuent le chemin encore et encore \u00e0 la recherche d\u00b4une am\u00e9lioration personnelle.<\/p>\n<p>&nbsp;<\/p>\n<p>Avec ce programme nous voulons transf\u00e9rer cette am\u00e9lioration personnelle aussi au niveau professionnel. En suivant quelques passages de l\u00b4ancien chemin de l\u00b4illumination nous allons parcourir, pendant une semaine, un chemin qui va nous permettre la d\u00e9couverte et am\u00e9lioration personnelle.<\/p>\n<p>&nbsp;<\/p>\n<p>Nous allons marcher \u00e0 travers de belles for\u00eats de ch\u00eanes,\u00a0 sapins, eucalyptus, ch\u00e2taigniers, noyers, figuiers et quelques palmiers. Nous allons aussi d\u00e9tendre l\u00b4esprit en regardant les fermes de vaches, troupeaux de moutons, chevaux, petits villages presque isol\u00e9s, petites villes, ruisseaux impossibles, grandes rivi\u00e8res,\u2026\u00a0 Nous traverserons d\u00b4anciens ponts de pierre,\u00a0 nous visiterons des chapelles ouvertes sur le chemin despuis de nombreuses ann\u00e9es. Nous nous reposerons dans des auberges assit\u00e9es par des gens tr\u00e8s gentils.<\/p>\n<p>Par des chemins parfaitement signalis\u00e9s, nous marcherons seul parfois, pendant des heures et des kilom\u00e8tres pour une r\u00e9flexion personnelle. \u00c0 d\u2019autres moments, nous marcherons avec d\u00b4autres p\u00e8lerins qui veulent, s\u00fbrement et sans pr\u00e9jug\u00e9s, partager avec nous leurs pr\u00e9occupations et exp\u00e9riences.<\/p>\n<p>&nbsp;<\/p>\n<p>Avec l\u00b4aide d\u00b4experts en m\u00e9thodologies de d\u00e9veloppement personnel et professionnel, nous pourrons nous concentrer et clarifier nos profondes pr\u00e9occupations en plus de nous accompagner dans notre transformation et am\u00e9lioration que nous recherchons dans cette exp\u00e9rience.<\/p>\n<\/div><\/div><\/div><div class=\"w-popup-closer\" style=\"background:#ffffff;color:#333333;\"><\/div><\/div><\/div><div class=\"w-btn-wrapper width_auto align_left\"><a class=\"w-btn us-btn-style_4\" href=\"#about\"><span class=\"w-btn-label\">About Us<\/span><\/a><\/div><div class=\"w-separator size_medium\"><\/div><\/div><\/div><\/div><\/div><\/div><\/section><!-- Row Backgrounds --><div class=\"upb_color\" data-bg-override=\"ex-full\" data-bg-color=\"\" data-fadeout=\"\" data-fadeout-percentage=\"30\" data-parallax-content=\"\" data-parallax-content-sense=\"30\" data-row-effect-mobile-disable=\"true\" data-img-parallax-mobile-disable=\"true\" data-rtl=\"false\"  data-custom-vc-row=\"\"  data-vc=\"6.1\"  data-is_old_vc=\"\"  data-theme-support=\"\"   data-overlay=\"false\" data-overlay-color=\"\" data-overlay-pattern=\"\" data-overlay-pattern-opacity=\"\" data-overlay-pattern-size=\"\"    data-seperator=\"true\"  data-seperator-type=\"xlarge_triangle_seperator\"  data-seperator-shape-size=\"40\"  data-seperator-svg-height=\"140\"  data-seperator-full-width=\"true\" data-seperator-position=\"bottom_seperator\"  data-seperator-background-color=\"#ffffff\"  data-icon=\"\"  ><\/div><section class=\"l-section wpb_row height_medium color_alternate\" id=\"services\"><div class=\"l-section-h i-cf\"><div class=\"g-cols vc_row type_default valign_top\"><div class=\"vc_col-sm-12 wpb_column vc_column_container\"><div class=\"vc_column-inner\"><div class=\"wpb_wrapper\"><div class=\"wpb_text_column\"><div class=\"wpb_wrapper\"><h2 style=\"text-align: center;\">Comment \u00eatre pr\u00eat<\/h2>\n<\/div><\/div><\/div><\/div><\/div><\/div><\/div><\/section><section class=\"l-section wpb_row height_auto width_full\"><div class=\"l-section-h i-cf\"><div class=\"g-cols vc_row type_boxes valign_middle\"><div class=\"vc_col-sm-8 wpb_column vc_column_container\"><div class=\"vc_column-inner us_custom_1dfdc494 \"><div class=\"wpb_wrapper\"><div class=\"g-cols wpb_row  type_default valign_top vc_inner\"><div class=\"vc_col-sm-4 wpb_column vc_column_container animate_afb\"><div class=\"vc_column-inner\"><div class=\"wpb_wrapper\"><div class=\"w-iconbox iconpos_top style_default color_primary align_center\"><a class=\"w-iconbox-link\" href=\"https:\/\/elcaminoarete.com\/fr\/ce-quil-faut-transporter-dans-son-sac-a-dos\/\" title=\"Ce qu\u2019il faut emporter\" aria-label=\"Ce qu&#8217;il faut emporter\"><div class=\"w-iconbox-icon\" style=\"font-size:48px;\"><i class=\"fas fa-backpack\"><\/i><\/div><\/a><div class=\"w-iconbox-meta\"><a class=\"w-iconbox-link\" href=\"https:\/\/elcaminoarete.com\/fr\/ce-quil-faut-transporter-dans-son-sac-a-dos\/\" title=\"Ce qu\u2019il faut emporter\" aria-label=\"Ce qu&#8217;il faut emporter\"><h4 class=\"w-iconbox-title\">Ce qu&#8217;il faut emporter<\/h4><\/a><div class=\"w-iconbox-text\"><p>Si vous voulez savoir ce que vous devez emporter?<\/p>\n<\/div><\/div><\/div><\/div><\/div><\/div><div class=\"vc_col-sm-4 wpb_column vc_column_container animate_afb\"><div class=\"vc_column-inner\"><div class=\"wpb_wrapper\"><div class=\"w-iconbox iconpos_top style_default color_primary align_center\"><a class=\"w-iconbox-link\" href=\"https:\/\/elcaminoarete.com\/fr\/vous-etes-prets\/\" title=\"Vous \u00eates pr\u00eats ?\" aria-label=\"Vous \u00eates pr\u00eats ?\"><div class=\"w-iconbox-icon\" style=\"font-size:48px;\"><i class=\"fas fa-hiking\"><\/i><\/div><\/a><div class=\"w-iconbox-meta\"><a class=\"w-iconbox-link\" href=\"https:\/\/elcaminoarete.com\/fr\/vous-etes-prets\/\" title=\"Vous \u00eates pr\u00eats ?\" aria-label=\"Vous \u00eates pr\u00eats ?\"><h4 class=\"w-iconbox-title\">Vous \u00eates pr\u00eats ?<\/h4><\/a><div class=\"w-iconbox-text\"><p>Es-tu physiquement pr\u00eat pour \u00e7a ?<\/p>\n<\/div><\/div><\/div><\/div><\/div><\/div><div class=\"vc_col-sm-4 wpb_column vc_column_container animate_afb\"><div class=\"vc_column-inner\"><div class=\"wpb_wrapper\"><div class=\"w-iconbox iconpos_top style_default color_primary align_center\"><a class=\"w-iconbox-link\" href=\"https:\/\/elcaminoarete.com\/fr\/comment-arriver-en-espagne\/\" title=\"Comment arriver en Espagne\" aria-label=\"Transfert au d\u00e9part\"><div class=\"w-iconbox-icon\" style=\"font-size:48px;\"><i class=\"fas fa-plane\"><\/i><\/div><\/a><div class=\"w-iconbox-meta\"><a class=\"w-iconbox-link\" href=\"https:\/\/elcaminoarete.com\/fr\/comment-arriver-en-espagne\/\" title=\"Comment arriver en Espagne\" aria-label=\"Transfert au d\u00e9part\"><h4 class=\"w-iconbox-title\">Transfert au d\u00e9part<\/h4><\/a><div class=\"w-iconbox-text\"><p>Voyager de l&#8217;\u00e9tranger&#8230;<\/p>\n<\/div><\/div><\/div><\/div><\/div><\/div><\/div><\/div><\/div><\/div><div class=\"vc_col-sm-4 wpb_column vc_column_container has-fill\"><div class=\"vc_column-inner us_custom_38f2ec1e \"><div class=\"wpb_wrapper\"><div class=\"w-separator size_custom\" style=\"height:200px;\"><\/div><\/div><\/div><\/div><\/div><\/div><\/section><section class=\"l-section wpb_row height_huge with_img parallax_ver with_overlay\" id=\"about\"><div class=\"l-section-img\" style=\"background-image: url(https:\/\/elcaminoarete.com\/fr\/wp-content\/uploads\/sites\/2\/2019\/03\/hiking-1024x682.jpg);\" data-img-width=\"1024\" data-img-height=\"682\"><\/div><div class=\"l-section-overlay\" style=\"background: rgba(232,217,206,0.6)\"><\/div><div class=\"l-section-h i-cf\"><div class=\"g-cols vc_row type_default valign_top\"><div class=\"vc_col-sm-12 wpb_column vc_column_container animate_afb align_center\"><div class=\"vc_column-inner\"><div class=\"wpb_wrapper\"><div class=\"wpb_text_column\"><div class=\"wpb_wrapper\"><h2 style=\"text-align: center;\"><strong>Notre Objectif<\/strong><\/h2>\n<h4 style=\"text-align: center;\">Accompagner le perfectionnement personnel et professionnel, en facilitant la connaissance de soi et un processus de r\u00e9flexion et de d\u00e9veloppement des potentialit\u00e9s \u00e0 travers des sessions de supervision qui se d\u00e9roulent en m\u00eame temps qu&#8217;elles avancent, marchent, dans les diff\u00e9rentes \u00e9tapes du Chemin de Saint-Jacques.<\/h4>\n<\/div><\/div><div class=\"w-separator size_medium\"><\/div><\/div><\/div><\/div><\/div><\/div><\/section><!-- Row Backgrounds --><div class=\"upb_color\" data-bg-override=\"0\" data-bg-color=\"\" data-fadeout=\"\" data-fadeout-percentage=\"30\" data-parallax-content=\"\" data-parallax-content-sense=\"30\" data-row-effect-mobile-disable=\"true\" data-img-parallax-mobile-disable=\"true\" data-rtl=\"false\"  data-custom-vc-row=\"\"  data-vc=\"6.1\"  data-is_old_vc=\"\"  data-theme-support=\"\"   data-overlay=\"false\" data-overlay-color=\"\" data-overlay-pattern=\"\" data-overlay-pattern-opacity=\"\" data-overlay-pattern-size=\"\"    data-seperator=\"true\"  data-seperator-type=\"xlarge_triangle_seperator\"  data-seperator-shape-size=\"40\"  data-seperator-svg-height=\"100\"  data-seperator-full-width=\"true\" data-seperator-position=\"bottom_seperator\"  data-seperator-background-color=\"#ffffff\"  data-icon=\"\"  ><\/div><section class=\"l-section wpb_row height_auto width_full\" id=\"advantages\"><div class=\"l-section-h i-cf\"><div class=\"g-cols vc_row type_default valign_top\"><div class=\"vc_col-sm-12 wpb_column vc_column_container\"><div class=\"vc_column-inner\"><div class=\"wpb_wrapper\"><div class=\"wpb_text_column\"><div class=\"wpb_wrapper\"><h4 style=\"text-align: center;\"><strong>Quatre petites choses qui nous rendent sp\u00e9ciaux<\/strong><\/h4>\n<\/div><\/div><div class=\"w-separator size_medium with_line width_30 thick_1 style_solid color_border align_center with_content\"><div class=\"w-separator-h\"><i class=\"fas fa-chevron-down\"><\/i><\/div><\/div><div class=\"g-cols wpb_row  us_custom_423b53e7 type_default valign_top gap-1-5px vc_inner\"><style>.g-cols.gap-1-5px{margin:0 calc(-1.5rem - 1.5px)}.gap-1-5px > .vc_column_container {padding:1.5px}<\/style><div class=\"vc_col-sm-3 wpb_column vc_column_container animate_afb\"><div class=\"vc_column-inner\"><div class=\"wpb_wrapper\"><div class=\"w-iconbox iconpos_left style_outlined color_primary align_left\"><div class=\"w-iconbox-icon\" style=\"font-size:28px;\"><i class=\"fas fa-rocket\"><\/i><\/div><div class=\"w-iconbox-meta\"><h3 class=\"w-iconbox-title\">De z\u00e9ro \u00e0 un<\/h3><div class=\"w-iconbox-text\"><p>Nous sommes une firme de consultation sp\u00e9cialis\u00e9e dans la gestion, l&#8217;orientation et la formation des personnes, ainsi que dans l&#8217;am\u00e9lioration du d\u00e9veloppement des organisations.<\/p>\n<\/div><\/div><\/div><\/div><\/div><\/div><div class=\"vc_col-sm-3 wpb_column vc_column_container animate_afb\"><div class=\"vc_column-inner\"><div class=\"wpb_wrapper\"><div class=\"w-iconbox iconpos_left style_outlined color_primary align_left\"><div class=\"w-iconbox-icon\" style=\"font-size:28px;\"><i class=\"fas fa-bolt\"><\/i><\/div><div class=\"w-iconbox-meta\"><h4 class=\"w-iconbox-title\">Notre augmentation de niveau<\/h4><div class=\"w-iconbox-text\"><p>En travaillant avec nous, vous travaillerez avec des entra\u00eeneurs professionnels certifi\u00e9s et des guides ayant une vaste exp\u00e9rience.<\/p>\n<\/div><\/div><\/div><\/div><\/div><\/div><div class=\"vc_col-sm-3 wpb_column vc_column_container animate_afb\"><div class=\"vc_column-inner\"><div class=\"wpb_wrapper\"><div class=\"w-iconbox iconpos_left style_outlined color_primary align_left\"><div class=\"w-iconbox-icon\" style=\"font-size:28px;\"><i class=\"far fa-heart\"><\/i><\/div><div class=\"w-iconbox-meta\"><h3 class=\"w-iconbox-title\">Votre satisfaction<\/h3><div class=\"w-iconbox-text\"><p>Cr\u00e9er une exp\u00e9rience n&#8217;est pas une fin en soi, mais un moyen. Nous comprenons les r\u00e8gles du jeu. Il est sur le point de vous rendre heureux et de vous aider \u00e0 grandir.<\/p>\n<\/div><\/div><\/div><\/div><\/div><\/div><div class=\"vc_col-sm-3 wpb_column vc_column_container\"><div class=\"vc_column-inner\"><div class=\"wpb_wrapper\"><div class=\"w-iconbox iconpos_left style_outlined color_primary align_left\"><div class=\"w-iconbox-icon\" style=\"font-size:28px;\"><i class=\"far fa-globe\"><\/i><\/div><div class=\"w-iconbox-meta\"><h3 class=\"w-iconbox-title\">Langue<\/h3><div class=\"w-iconbox-text\"><p>Le programme est disponible en espagnol, basque, catalan, anglais et fran\u00e7ais, cela d\u00e9pendra de la composition du groupe.<\/p>\n<\/div><\/div><\/div><\/div><\/div><\/div><\/div><div class=\"w-separator size_medium\"><\/div><\/div><\/div><\/div><\/div><\/div><\/section><section class=\"l-section wpb_row height_medium width_full color_alternate\" id=\"team\"><div class=\"l-section-h i-cf\"><div class=\"g-cols vc_row type_default valign_top\"><div class=\"vc_col-sm-12 wpb_column vc_column_container animate_afb\"><div class=\"vc_column-inner\"><div class=\"wpb_wrapper\"><div class=\"wpb_text_column\"><div class=\"wpb_wrapper\"><h2 style=\"text-align: center;\"><strong>NOTRE \u00c9QUIPE<\/strong><\/h2>\n<p style=\"text-align: center;\">Le programme est d\u00e9velopp\u00e9 et g\u00e9r\u00e9 par la soci\u00e9t\u00e9 de conseil <strong><a href=\"https:\/\/www.arete-activa.com\/\">ARET\u00c9 ACTIVA<\/a><\/strong> : D\u00e9veloppement des personnes. Habiliter l&#8217;organisation.<\/p>\n<\/div><\/div><div class=\"w-separator size_large\"><\/div><div class=\"g-cols wpb_row  type_default valign_top vc_inner\"><div class=\"vc_col-sm-2 wpb_column vc_column_container animate_afb\"><div class=\"vc_column-inner\"><div class=\"wpb_wrapper\"><\/div><\/div><\/div><div class=\"vc_col-sm-2 wpb_column vc_column_container\"><div class=\"vc_column-inner\"><div class=\"wpb_wrapper\"><div class=\"w-person layout_circle effect_bw with_desc with_socials\" itemscope itemtype=\"https:\/\/schema.org\/Person\"><div class=\"w-person-image\"><img loading=\"lazy\" decoding=\"async\" width=\"350\" height=\"350\" src=\"https:\/\/elcaminoarete.com\/fr\/wp-content\/uploads\/sites\/2\/2019\/03\/vicky-web2.jpg\" class=\"attachment-full size-full\" alt=\"\" srcset=\"https:\/\/elcaminoarete.com\/fr\/wp-content\/uploads\/sites\/2\/2019\/03\/vicky-web2.jpg 350w, https:\/\/elcaminoarete.com\/fr\/wp-content\/uploads\/sites\/2\/2019\/03\/vicky-web2-150x150.jpg 150w, https:\/\/elcaminoarete.com\/fr\/wp-content\/uploads\/sites\/2\/2019\/03\/vicky-web2-300x300.jpg 300w\" sizes=\"(max-width: 350px) 100vw, 350px\" \/><div class=\"w-person-links\"><div class=\"w-person-links-list\"><a class=\"w-person-links-item\" href=\"https:\/\/www.linkedin.com\/in\/vickyoteiza\/\" target=\"_blank\" rel=\"noopener\"><i class=\"fab fa-linkedin-in\"><\/i><\/a><\/div><\/div><\/div><div class=\"w-person-content\"><h4 class=\"w-person-name\" itemprop=\"name\"><span>VICKY OTEIZA<\/span><\/h4><div class=\"w-person-role\" itemprop=\"jobTitle\">Coach personnel et Executive &amp; Company<\/div><div class=\"w-person-description\" itemprop=\"description\"><p>Ma\u00eetrise en counseling et psychoth\u00e9rapie<\/p>\n<\/div><\/div><\/div><\/div><\/div><\/div><div class=\"vc_col-sm-2 wpb_column vc_column_container\"><div class=\"vc_column-inner\"><div class=\"wpb_wrapper\"><div class=\"w-person layout_circle with_desc with_socials\" itemscope itemtype=\"https:\/\/schema.org\/Person\"><div class=\"w-person-image\"><img loading=\"lazy\" decoding=\"async\" width=\"354\" height=\"354\" src=\"https:\/\/elcaminoarete.com\/fr\/wp-content\/uploads\/sites\/2\/2019\/03\/jose-mari-ardanaz.jpg\" class=\"attachment-full size-full\" alt=\"\" srcset=\"https:\/\/elcaminoarete.com\/fr\/wp-content\/uploads\/sites\/2\/2019\/03\/jose-mari-ardanaz.jpg 354w, https:\/\/elcaminoarete.com\/fr\/wp-content\/uploads\/sites\/2\/2019\/03\/jose-mari-ardanaz-150x150.jpg 150w, https:\/\/elcaminoarete.com\/fr\/wp-content\/uploads\/sites\/2\/2019\/03\/jose-mari-ardanaz-300x300.jpg 300w, https:\/\/elcaminoarete.com\/fr\/wp-content\/uploads\/sites\/2\/2019\/03\/jose-mari-ardanaz-350x350.jpg 350w\" sizes=\"(max-width: 354px) 100vw, 354px\" \/><div class=\"w-person-links\"><div class=\"w-person-links-list\"><a class=\"w-person-links-item\" href=\"https:\/\/www.linkedin.com\/in\/jmardanaz\/\" target=\"_blank\" rel=\"noopener\"><i class=\"fab fa-linkedin-in\"><\/i><\/a><a class=\"w-person-links-item\" href=\"http:\/\/www.elcaminopeople.com\" target=\"_blank\" rel=\"noopener\"><i class=\"fas fa-hiking\"><\/i><\/a><\/div><\/div><\/div><div class=\"w-person-content\"><h4 class=\"w-person-name\" itemprop=\"name\"><span>JOSE MARI ARDANAZ<\/span><\/h4><div class=\"w-person-role\" itemprop=\"jobTitle\">Consultant et guide de cheminement<\/div><div class=\"w-person-description\" itemprop=\"description\"><p>P\u00e8lerin exp\u00e9riment\u00e9 et amoureux de Camino<br \/>\nFondateur du peuple El Camino<\/p>\n<\/div><\/div><\/div><\/div><\/div><\/div><div class=\"vc_col-sm-2 wpb_column vc_column_container\"><div class=\"vc_column-inner\"><div class=\"wpb_wrapper\"><div class=\"w-person layout_circle effect_bw with_desc with_socials\" itemscope itemtype=\"https:\/\/schema.org\/Person\"><div class=\"w-person-image\"><img loading=\"lazy\" decoding=\"async\" width=\"350\" height=\"350\" src=\"https:\/\/elcaminoarete.com\/fr\/wp-content\/uploads\/sites\/2\/2021\/04\/1.png\" class=\"attachment-full size-full\" alt=\"\" srcset=\"https:\/\/elcaminoarete.com\/fr\/wp-content\/uploads\/sites\/2\/2021\/04\/1.png 350w, https:\/\/elcaminoarete.com\/fr\/wp-content\/uploads\/sites\/2\/2021\/04\/1-150x150.png 150w, https:\/\/elcaminoarete.com\/fr\/wp-content\/uploads\/sites\/2\/2021\/04\/1-300x300.png 300w\" sizes=\"(max-width: 350px) 100vw, 350px\" \/><div class=\"w-person-links\"><div class=\"w-person-links-list\"><a class=\"w-person-links-item\" href=\"https:\/\/www.linkedin.com\/in\/angel-castrillo-06667516\/\" target=\"_blank\" rel=\"noopener\"><i class=\"fab fa-linkedin-in\"><\/i><\/a><\/div><\/div><\/div><div class=\"w-person-content\"><h4 class=\"w-person-name\" itemprop=\"name\"><span>EVA MARTINEZ<\/span><\/h4><div class=\"w-person-role\" itemprop=\"jobTitle\">P\u00e9dagogue et coach<\/div><div class=\"w-person-description\" itemprop=\"description\"><p>Dipl\u00f4me en p\u00e9dagogie<\/p>\n<\/div><\/div><\/div><\/div><\/div><\/div><div class=\"vc_col-sm-2 wpb_column vc_column_container\"><div class=\"vc_column-inner\"><div class=\"wpb_wrapper\"><div class=\"w-person layout_circle effect_bw with_desc with_socials\" itemscope itemtype=\"https:\/\/schema.org\/Person\"><div class=\"w-person-image\"><img loading=\"lazy\" decoding=\"async\" width=\"350\" height=\"350\" src=\"https:\/\/elcaminoarete.com\/fr\/wp-content\/uploads\/sites\/2\/2021\/04\/2.png\" class=\"attachment-full size-full\" alt=\"\" srcset=\"https:\/\/elcaminoarete.com\/fr\/wp-content\/uploads\/sites\/2\/2021\/04\/2.png 350w, https:\/\/elcaminoarete.com\/fr\/wp-content\/uploads\/sites\/2\/2021\/04\/2-150x150.png 150w, https:\/\/elcaminoarete.com\/fr\/wp-content\/uploads\/sites\/2\/2021\/04\/2-300x300.png 300w\" sizes=\"(max-width: 350px) 100vw, 350px\" \/><div class=\"w-person-links\"><div class=\"w-person-links-list\"><a class=\"w-person-links-item\" href=\"https:\/\/www.linkedin.com\/in\/elsa-gil-ithurbide-6456546a\/\" target=\"_blank\" rel=\"noopener\"><i class=\"fab fa-linkedin-in\"><\/i><\/a><\/div><\/div><\/div><div class=\"w-person-content\"><h4 class=\"w-person-name\" itemprop=\"name\"><span>JON KARLA LIZEAGA<\/span><\/h4><div class=\"w-person-role\" itemprop=\"jobTitle\">Entra\u00eeneur d'\u00e9quipes et d'athl\u00e8tes <\/div><div class=\"w-person-description\" itemprop=\"description\"><p>Dipl\u00f4me de psychop\u00e9dagogie et d&#8217;enseignement de l&#8217;\u00e9ducation physique.<\/p>\n<\/div><\/div><\/div><\/div><\/div><\/div><div class=\"vc_col-sm-2 wpb_column vc_column_container\"><div class=\"vc_column-inner\"><div class=\"wpb_wrapper\"><\/div><\/div><\/div><\/div><div class=\"w-separator size_medium\"><\/div><div class=\"g-cols wpb_row  type_default valign_top vc_inner\"><div class=\"vc_col-sm-1\/5 wpb_column vc_column_container animate_afb\"><div class=\"vc_column-inner\"><div class=\"wpb_wrapper\"><\/div><\/div><\/div><div class=\"vc_col-sm-1\/5 wpb_column vc_column_container\"><div class=\"vc_column-inner\"><div class=\"wpb_wrapper\"><div class=\"w-person layout_circle effect_bw with_desc with_socials\" itemscope itemtype=\"https:\/\/schema.org\/Person\"><div class=\"w-person-image\"><img loading=\"lazy\" decoding=\"async\" width=\"350\" height=\"350\" src=\"https:\/\/elcaminoarete.com\/fr\/wp-content\/uploads\/sites\/2\/2019\/05\/Almudena-Fernandez.png\" class=\"attachment-full size-full\" alt=\"\" srcset=\"https:\/\/elcaminoarete.com\/fr\/wp-content\/uploads\/sites\/2\/2019\/05\/Almudena-Fernandez.png 350w, https:\/\/elcaminoarete.com\/fr\/wp-content\/uploads\/sites\/2\/2019\/05\/Almudena-Fernandez-150x150.png 150w, https:\/\/elcaminoarete.com\/fr\/wp-content\/uploads\/sites\/2\/2019\/05\/Almudena-Fernandez-300x300.png 300w\" sizes=\"(max-width: 350px) 100vw, 350px\" \/><div class=\"w-person-links\"><div class=\"w-person-links-list\"><a class=\"w-person-links-item\" href=\"https:\/\/www.linkedin.com\/in\/almudena-fern%C3%A1ndez-gonz%C3%A1lez-b4a80744\/\" target=\"_blank\" rel=\"noopener\"><i class=\"fab fa-linkedin-in\"><\/i><\/a><\/div><\/div><\/div><div class=\"w-person-content\"><h4 class=\"w-person-name\" itemprop=\"name\"><span>ALMUDENA FERNANDEZ<\/span><\/h4><div class=\"w-person-role\" itemprop=\"jobTitle\">Entra\u00eeneur certifi\u00e9 en sant\u00e9<\/div><div class=\"w-person-description\" itemprop=\"description\"><p>Expert en nutrition<br \/>\nPraticien en programmation neurolinguistique<br \/>\nAnthropologue et infirmi\u00e8re<\/p>\n<\/div><\/div><\/div><\/div><\/div><\/div><div class=\"vc_col-sm-1\/5 wpb_column vc_column_container\"><div class=\"vc_column-inner\"><div class=\"wpb_wrapper\"><div class=\"w-person layout_circle effect_bw with_desc with_socials\" itemscope itemtype=\"https:\/\/schema.org\/Person\"><div class=\"w-person-image\"><img loading=\"lazy\" decoding=\"async\" width=\"350\" height=\"353\" src=\"https:\/\/elcaminoarete.com\/fr\/wp-content\/uploads\/sites\/2\/2019\/03\/Elsa-Gil-Ithurbide-SMALL.jpg\" class=\"attachment-full size-full\" alt=\"\" srcset=\"https:\/\/elcaminoarete.com\/fr\/wp-content\/uploads\/sites\/2\/2019\/03\/Elsa-Gil-Ithurbide-SMALL.jpg 350w, https:\/\/elcaminoarete.com\/fr\/wp-content\/uploads\/sites\/2\/2019\/03\/Elsa-Gil-Ithurbide-SMALL-150x150.jpg 150w, https:\/\/elcaminoarete.com\/fr\/wp-content\/uploads\/sites\/2\/2019\/03\/Elsa-Gil-Ithurbide-SMALL-297x300.jpg 297w\" sizes=\"(max-width: 350px) 100vw, 350px\" \/><div class=\"w-person-links\"><div class=\"w-person-links-list\"><a class=\"w-person-links-item\" href=\"https:\/\/www.linkedin.com\/in\/elsa-gil-ithurbide-6456546a\/\" target=\"_blank\" rel=\"noopener\"><i class=\"fab fa-linkedin-in\"><\/i><\/a><\/div><\/div><\/div><div class=\"w-person-content\"><h4 class=\"w-person-name\" itemprop=\"name\"><span>ELSA GIL<\/span><\/h4><div class=\"w-person-role\" itemprop=\"jobTitle\">Praticien en programmation neurolinguistique<\/div><div class=\"w-person-description\" itemprop=\"description\"><p>Formation en coaching syst\u00e9mique et en constellations organisationnelles<\/p>\n<\/div><\/div><\/div><\/div><\/div><\/div><div class=\"vc_col-sm-1\/5 wpb_column vc_column_container\"><div class=\"vc_column-inner\"><div class=\"wpb_wrapper\"><div class=\"w-person layout_circle effect_bw with_desc with_socials\" itemscope itemtype=\"https:\/\/schema.org\/Person\"><div class=\"w-person-image\"><img loading=\"lazy\" decoding=\"async\" width=\"350\" height=\"350\" src=\"https:\/\/elcaminoarete.com\/fr\/wp-content\/uploads\/sites\/2\/2019\/04\/monica.png\" class=\"attachment-full size-full\" alt=\"\" srcset=\"https:\/\/elcaminoarete.com\/fr\/wp-content\/uploads\/sites\/2\/2019\/04\/monica.png 350w, https:\/\/elcaminoarete.com\/fr\/wp-content\/uploads\/sites\/2\/2019\/04\/monica-150x150.png 150w, https:\/\/elcaminoarete.com\/fr\/wp-content\/uploads\/sites\/2\/2019\/04\/monica-300x300.png 300w\" sizes=\"(max-width: 350px) 100vw, 350px\" \/><div class=\"w-person-links\"><div class=\"w-person-links-list\"><a class=\"w-person-links-item\" href=\"https:\/\/www.linkedin.com\/in\/monicaaldegunde\/\" target=\"_blank\" rel=\"noopener\"><i class=\"fab fa-linkedin-in\"><\/i><\/a><\/div><\/div><\/div><div class=\"w-person-content\"><h4 class=\"w-person-name\" itemprop=\"name\"><span>M\u00d3NICA ALDEGUNDE<\/span><\/h4><div class=\"w-person-role\" itemprop=\"jobTitle\">Coach Senior<\/div><div class=\"w-person-description\" itemprop=\"description\"><p>Coach expert en d\u00e9veloppement par comp\u00e9tences. Entra\u00eeneur de carrosserie<\/p>\n<\/div><\/div><\/div><\/div><\/div><\/div><div class=\"vc_col-sm-1\/5 wpb_column vc_column_container\"><div class=\"vc_column-inner\"><div class=\"wpb_wrapper\"><\/div><\/div><\/div><\/div><\/div><\/div><\/div><\/div><\/div><\/section><section class=\"l-section wpb_row height_auto with_overlay\" id=\"clients\"><div class=\"l-section-overlay\" style=\"background: #f9a02c\"><\/div><div class=\"l-section-h i-cf\"><div class=\"g-cols vc_row type_default valign_top\"><div class=\"vc_col-sm-12 wpb_column vc_column_container animate_afb\"><div class=\"vc_column-inner us_custom_d2199d32 \"><div class=\"wpb_wrapper\"><div class=\"wpb_text_column\"><div class=\"wpb_wrapper\"><h2 style=\"text-align: center;\"><strong>Les gens qui nous ont fait confiance jusqu&#8217;\u00e0 pr\u00e9sent<\/strong><\/h2>\n<\/div><\/div><div class=\"w-separator size_large\"><\/div><div class=\"w-grid type_carousel layout_testimonial_1\" id=\"us_grid_1\"><style id=\"us_grid_1_css\">#us_grid_1 .owl-nav div{margin-left:1rem;margin-right:1rem}#us_grid_1 .w-grid-item{padding:1.5rem}#us_grid_1 .w-grid-list{margin:-1.5rem}.w-grid + #us_grid_1 .w-grid-list{margin-top:1.5rem}<\/style><style>.layout_testimonial_1 .w-grid-item-h{}.layout_testimonial_1 .usg_vwrapper_1{transition-duration:0.3s;transform-origin:50% 50%;transform:scale(1) translate(0,0)}.layout_testimonial_1 .w-grid-item-h:hover .usg_vwrapper_1{transform:scale(1) translate(0,0);opacity:1;border-color:#f9a02c!important}.layout_testimonial_1 .usg_vwrapper_1{border-radius:0.3rem!important;padding:2rem!important;border:2px solid #ebebeb!important}.layout_testimonial_1 .usg_hwrapper_1{margin-bottom:1rem!important}.layout_testimonial_1 .usg_post_image_1{width:4rem!important;margin-left:0!important;margin-right:1rem!important}.layout_testimonial_1 .usg_post_custom_field_1{font-weight:700!important;line-height:1.5!important;margin-bottom:0!important}.layout_testimonial_1 .usg_post_custom_field_2{color:#999999!important;font-size:0.9rem!important;line-height:1.5!important}.layout_testimonial_1 .usg_post_custom_field_3{color:#f9a02c!important}<\/style><div class=\"w-grid-list owl-carousel navstyle_circle navpos_outside\"><article class=\"w-grid-item post-1055 us_testimonial type-us_testimonial status-publish hentry\" data-id=\"1055\">\n\t<div class=\"w-grid-item-h\">\n\t\t\t\t<div class=\"w-vwrapper usg_vwrapper_1 align_left valign_top \"><div class=\"w-post-elm post_custom_field usg_post_custom_field_3 type_text has_text_color\"><div class=\"w-testimonial-rating\"><i><\/i><i><\/i><i><\/i><i><\/i><i><\/i><\/div><\/div><div class=\"w-post-elm post_content usg_post_content_1\"><p>Le Chemin m&#8217;a donn\u00e9 l&#8217;occasion de m&#8217;arr\u00eater et de penser \u00e0 mon quotidien. M&#8217;aider \u00e0 me recentrer sur ce qui compte vraiment.<\/p>\n<\/div><div class=\"w-hwrapper usg_hwrapper_1 align_left valign_middle \"><div class=\"w-vwrapper usg_vwrapper_2 align_left valign_top \"><div class=\"w-post-elm post_custom_field usg_post_custom_field_1 type_text\"><p>Amanda Smith<\/p>\n<\/div><div class=\"w-post-elm post_custom_field usg_post_custom_field_2 type_text has_text_color\"><\/div><\/div><\/div><\/div>\t<\/div>\n<\/article>\n<article class=\"w-grid-item post-966 us_testimonial type-us_testimonial status-publish hentry\" data-id=\"966\">\n\t<div class=\"w-grid-item-h\">\n\t\t\t\t<div class=\"w-vwrapper usg_vwrapper_1 align_left valign_top \"><div class=\"w-post-elm post_custom_field usg_post_custom_field_3 type_text has_text_color\"><div class=\"w-testimonial-rating\"><i><\/i><i><\/i><i><\/i><i><\/i><i><\/i><\/div><\/div><div class=\"w-post-elm post_content usg_post_content_1\"><p>Souvent, nous ne consid\u00e9rons pas qu&#8217;il est n\u00e9cessaire de s&#8217;arr\u00eater et de s&#8217;\u00e9couter en dehors de l&#8217;environnement commercial. Nous devons nous arr\u00eater et nous s\u00e9parer de nos fonctions afin de mieux \u00e9valuer la r\u00e9alit\u00e9. Et la Camino et les entra\u00eeneurs m&#8217;ont \u00e9norm\u00e9ment aid\u00e9.<\/p>\n<\/div><div class=\"w-hwrapper usg_hwrapper_1 align_left valign_middle \"><div class=\"w-vwrapper usg_vwrapper_2 align_left valign_top \"><div class=\"w-post-elm post_custom_field usg_post_custom_field_1 type_text\"><p>Celine Lombard<\/p>\n<\/div><div class=\"w-post-elm post_custom_field usg_post_custom_field_2 type_text has_text_color\"><\/div><\/div><\/div><\/div>\t<\/div>\n<\/article>\n<article class=\"w-grid-item post-961 us_testimonial type-us_testimonial status-publish hentry\" data-id=\"961\">\n\t<div class=\"w-grid-item-h\">\n\t\t\t\t<div class=\"w-vwrapper usg_vwrapper_1 align_left valign_top \"><div class=\"w-post-elm post_custom_field usg_post_custom_field_3 type_text has_text_color\"><div class=\"w-testimonial-rating\"><i><\/i><i><\/i><i><\/i><i><\/i><i><\/i><\/div><\/div><div class=\"w-post-elm post_content usg_post_content_1\"><p>Je ne connaissais pas le Camino de Santiago et j&#8217;\u00e9tais un peu sceptique quant \u00e0 l&#8217;entra\u00eenement. Mais cette opportunit\u00e9 \u00e9tait quelque chose que je recommanderais \u00e0 toutes les personnes qui sont en train de changer et qui ont besoin de se recentrer.<\/p>\n<\/div><div class=\"w-hwrapper usg_hwrapper_1 align_left valign_middle \"><div class=\"w-vwrapper usg_vwrapper_2 align_left valign_top \"><div class=\"w-post-elm post_custom_field usg_post_custom_field_1 type_text\"><p>Javier Alvarez<\/p>\n<\/div><div class=\"w-post-elm post_custom_field usg_post_custom_field_2 type_text has_text_color\"><\/div><\/div><\/div><\/div>\t<\/div>\n<\/article>\n<article class=\"w-grid-item post-962 us_testimonial type-us_testimonial status-publish hentry\" data-id=\"962\">\n\t<div class=\"w-grid-item-h\">\n\t\t\t\t<div class=\"w-vwrapper usg_vwrapper_1 align_left valign_top \"><div class=\"w-post-elm post_custom_field usg_post_custom_field_3 type_text has_text_color\"><div class=\"w-testimonial-rating\"><i><\/i><i><\/i><i><\/i><i><\/i><i><\/i><\/div><\/div><div class=\"w-post-elm post_content usg_post_content_1\"><p>Je suis venu avec un esprit tr\u00e8s ouvert pour conna\u00eetre l&#8217;Espagne et faire un processus d&#8217;introspection en moi-m\u00eame. Le programme a r\u00e9pondu \u00e0 toutes mes attentes. Hojala pourrait revenir chaque ann\u00e9e et un jour faire le Chemin complet.<\/p>\n<\/div><div class=\"w-hwrapper usg_hwrapper_1 align_left valign_middle \"><div class=\"w-vwrapper usg_vwrapper_2 align_left valign_top \"><div class=\"w-post-elm post_custom_field usg_post_custom_field_1 type_text\"><p>John Stocker<\/p>\n<\/div><div class=\"w-post-elm post_custom_field usg_post_custom_field_2 type_text has_text_color\"><\/div><\/div><\/div><\/div>\t<\/div>\n<\/article>\n<\/div>\t<div class=\"g-preloader type_5\">\n\t\t<div><\/div>\n\t<\/div>\n\t\t<div class=\"w-grid-json hidden\" onclick='return {&quot;ajax_url&quot;:&quot;https:\\\/\\\/elcaminoarete.com\\\/fr\\\/wp-admin\\\/admin-ajax.php&quot;,&quot;permalink_url&quot;:&quot;https:\\\/\\\/elcaminoarete.com\\\/fr\\\/?post_type=us_testimonial&amp;p=962&quot;,&quot;action&quot;:&quot;us_ajax_grid&quot;,&quot;max_num_pages&quot;:1,&quot;infinite_scroll&quot;:0,&quot;template_vars&quot;:{&quot;query_args&quot;:{&quot;post_type&quot;:[&quot;us_testimonial&quot;],&quot;post_status&quot;:[&quot;publish&quot;],&quot;orderby&quot;:{&quot;date&quot;:&quot;DESC&quot;},&quot;posts_per_page&quot;:&quot;10&quot;},&quot;post_id&quot;:8,&quot;us_grid_index&quot;:1,&quot;us_grid_ajax_index&quot;:null,&quot;exclude_items&quot;:&quot;none&quot;,&quot;items_offset&quot;:&quot;1&quot;,&quot;items_layout&quot;:&quot;testimonial_1&quot;,&quot;type&quot;:&quot;carousel&quot;,&quot;columns&quot;:&quot;3&quot;,&quot;img_size&quot;:&quot;default&quot;,&quot;overriding_link&quot;:&quot;none&quot;},&quot;carousel_settings&quot;:{&quot;items&quot;:&quot;3&quot;,&quot;nav&quot;:1,&quot;navNext&quot;:&quot;&quot;,&quot;navPrev&quot;:&quot;&quot;,&quot;dots&quot;:0,&quot;center&quot;:0,&quot;autoplay&quot;:0,&quot;smooth_play&quot;:0,&quot;timeout&quot;:3000,&quot;speed&quot;:250,&quot;transition&quot;:&quot;&quot;,&quot;autoHeight&quot;:0,&quot;slideby&quot;:&quot;1&quot;},&quot;carousel_breakpoints&quot;:{&quot;1200&quot;:{&quot;items&quot;:3},&quot;900&quot;:{&quot;items&quot;:3,&quot;autoplay&quot;:1,&quot;autoplayHoverPause&quot;:1,&quot;autoHeight&quot;:0},&quot;600&quot;:{&quot;items&quot;:2,&quot;autoplay&quot;:1,&quot;autoplayHoverPause&quot;:1,&quot;autoHeight&quot;:0},&quot;0&quot;:{&quot;items&quot;:1,&quot;autoplay&quot;:1,&quot;autoplayHoverPause&quot;:1,&quot;autoHeight&quot;:0}}}'><\/div>\n<\/div><\/div><\/div><\/div><\/div><\/div><\/section><section class=\"l-section wpb_row height_auto width_full color_primary\"><div class=\"l-section-h i-cf\"><div class=\"g-cols vc_row type_boxes valign_middle\"><div class=\"vc_col-sm-6 vc_col-md-3 wpb_column vc_column_container has-fill\"><div class=\"vc_column-inner us_custom_c4ae8a24 \"><div class=\"wpb_wrapper\"><div class=\"w-counter us_custom_15f8eac5 color_heading align_center\" data-duration=\"2000\"><div class=\"w-counter-value\"><span class=\"w-counter-value-part type_text\" data-final=\"\"><\/span><span class=\"w-counter-value-part type_number\" data-final=\"115\">1<\/span><span class=\"w-counter-value-part type_text\" data-final=\"\"><\/span><\/div><h6 class=\"w-counter-title\">Clients satisfaits<\/h6><\/div><\/div><\/div><\/div><div class=\"vc_col-sm-6 vc_col-md-3 wpb_column vc_column_container\"><div class=\"vc_column-inner us_custom_6f4bb857 \"><div class=\"wpb_wrapper\"><div class=\"w-counter us_custom_15f8eac5 color_heading align_center\" data-duration=\"2000\"><div class=\"w-counter-value\"><span class=\"w-counter-value-part type_text\" data-final=\"\"><\/span><span class=\"w-counter-value-part type_number\" data-final=\"9\">0<\/span><span class=\"w-counter-value-part type_text\" data-final=\"\"><\/span><\/div><h6 class=\"w-counter-title\">Chemines termin\u00e9s<\/h6><\/div><\/div><\/div><\/div><div class=\"vc_col-sm-6 wpb_column vc_column_container has-fill\"><div class=\"vc_column-inner us_custom_8b66cb09 \"><div class=\"wpb_wrapper\"><div class=\"g-cols wpb_row  type_default valign_top vc_inner\"><div class=\"vc_col-sm-4 vc_col-xs-6 wpb_column vc_column_container\"><div class=\"vc_column-inner\"><div class=\"wpb_wrapper\"><div class=\"w-iconbox iconpos_top style_default color_custom align_center no_title no_text\"><a class=\"w-iconbox-link\" href=\"https:\/\/www.facebook.com\/arete.activa.3\" target=\"_blank\" rel=\"noopener\" aria-hidden=\"true\"><div class=\"w-iconbox-icon\" style=\"font-size:48px;color:#e2e2e2;\"><i class=\"fab fa-facebook-f\"><\/i><\/div><\/a><div class=\"w-iconbox-meta\"><\/div><\/div><\/div><\/div><\/div><div class=\"vc_col-sm-4 wpb_column vc_column_container\"><div class=\"vc_column-inner\"><div class=\"wpb_wrapper\"><div class=\"w-iconbox iconpos_top style_default color_custom align_center no_title no_text\"><a class=\"w-iconbox-link\" href=\"https:\/\/twitter.com\/ARETEACTIVA\" target=\"_blank\" rel=\"noopener\" aria-hidden=\"true\"><div class=\"w-iconbox-icon\" style=\"font-size:48px;color:#e2e2e2;\"><i class=\"fab fa-twitter\"><\/i><\/div><\/a><div class=\"w-iconbox-meta\"><\/div><\/div><\/div><\/div><\/div><div class=\"vc_col-sm-4 wpb_column vc_column_container\"><div class=\"vc_column-inner\"><div class=\"wpb_wrapper\"><div class=\"w-iconbox iconpos_top style_default color_custom align_center no_title no_text\"><a class=\"w-iconbox-link\" href=\"https:\/\/www.linkedin.com\/company\/aret-activa\/\" target=\"_blank\" rel=\"noopener\" aria-hidden=\"true\"><div class=\"w-iconbox-icon\" style=\"font-size:48px;color:#e2e2e2;\"><i class=\"fab fa-linkedin\"><\/i><\/div><\/a><div class=\"w-iconbox-meta\"><\/div><\/div><\/div><\/div><\/div><\/div><\/div><\/div><\/div><\/div><\/div><\/section><section class=\"l-section wpb_row height_full valign_center color_secondary parallax_ver with_overlay\" id=\"contact\"><div class=\"l-section-overlay\" style=\"background: rgba(0,0,0,0.7)\"><\/div><div class=\"l-section-h i-cf\"><div class=\"g-cols vc_row type_default valign_top\"><div class=\"vc_col-sm-12 wpb_column vc_column_container animate_afb\"><div class=\"vc_column-inner\"><div class=\"wpb_wrapper\"><div class=\"wpb_text_column\"><div class=\"wpb_wrapper\"><h2 style=\"text-align: center;\"><strong>CONTACTEZ <span class=\"highlight highlight_primary\">NOUS<\/span><\/strong><\/h2>\n<\/div><\/div><div class=\"w-separator size_medium\"><\/div><div class=\"g-cols wpb_row  type_default valign_top gap-10px vc_inner\"><style>.g-cols.gap-10px{margin:0 calc(-1.5rem - 10px)}.gap-10px > .vc_column_container {padding:10px}<\/style><div class=\"vc_col-sm-6 wpb_column vc_column_container animate_afb\"><div class=\"vc_column-inner\"><div class=\"wpb_wrapper\"><div class=\"w-iconbox iconpos_left style_outlined color_primary align_left\"><div class=\"w-iconbox-icon\" style=\"font-size:20px;\"><i class=\"fas fa-map-marker-alt\"><\/i><\/div><div class=\"w-iconbox-meta\"><h4 class=\"w-iconbox-title\">ARET\u00c9 ACTIVA (Navarra) ESPAGNE<\/h4><div class=\"w-iconbox-text\"><p>Avenida P\u00edo XII, 5 &#8211; 1\u00ba Dcha.,<br \/>\n31008 Pamplona, Navarra<\/p>\n<p>+34 948 19 96 13<\/p>\n<\/div><\/div><\/div><div class=\"w-separator size_small\"><\/div><div class=\"w-iconbox iconpos_left style_outlined color_primary align_left\"><div class=\"w-iconbox-icon\" style=\"font-size:20px;\"><i class=\"fas fa-map-marker-alt\"><\/i><\/div><div class=\"w-iconbox-meta\"><h4 class=\"w-iconbox-title\">ARET\u00c9 ACTIVA (Madrid) ESPAGNE<\/h4><div class=\"w-iconbox-text\"><p>Paseo de la Castellana, 190,<br \/>\n28046 (Madrid)<\/p>\n<p>+34 919 920 111<br \/>\n+34 633 336 068<\/p>\n<\/div><\/div><\/div><div class=\"w-separator size_small\"><\/div><div class=\"w-iconbox iconpos_left style_outlined color_primary align_left no_text\"><a class=\"w-iconbox-link\" href=\"http:\/\/www.arete-activa.com\" target=\"_blank\" rel=\"noopener\" aria-label=\"www.arete-activa.com\"><div class=\"w-iconbox-icon\" style=\"font-size:20px;\"><i class=\"fas fa-globe\"><\/i><\/div><\/a><div class=\"w-iconbox-meta\"><a class=\"w-iconbox-link\" href=\"http:\/\/www.arete-activa.com\" target=\"_blank\" rel=\"noopener\" aria-label=\"www.arete-activa.com\"><h4 class=\"w-iconbox-title\">www.arete-activa.com<\/h4><\/a><\/div><\/div><div class=\"w-separator size_small\"><\/div><div class=\"w-iconbox iconpos_left style_outlined color_primary align_left no_text\"><div class=\"w-iconbox-icon\" style=\"font-size:20px;\"><i class=\"fas fa-envelope\"><\/i><\/div><div class=\"w-iconbox-meta\"><h4 class=\"w-iconbox-title\">elcamino@arete-activa.com<\/h4><\/div><\/div><\/div><\/div><\/div><div class=\"vc_col-sm-6 wpb_column vc_column_container animate_afb\"><div class=\"vc_column-inner\"><div class=\"wpb_wrapper\"><div class=\"w-form for_cform  layout_ver us_form_1\">\n\t<form class=\"w-form-h\" autocomplete=\"off\" action=\"https:\/\/elcaminoarete.com\/fr\/fr\/wp-json\/wp\/v2\/pages\/8\" method=\"post\">\n\t\t\t\t<div class=\"w-form-row for_text required with_icon\">\n\t\t<div class=\"w-form-row-field\">\n\t\t<i class=\"far fa-user\"><\/i>\t\t<input type=\"text\" name=\"us_form_1_text_1\" aria-label=\"Nom\" value=\"\" placeholder=\"Nom *\" data-required=\"true\" aria-required=\"true\"\/>\n\t\t\t<\/div>\n\t\t<div class=\"w-form-row-state\">Vous devez remplir ce champ<\/div>\n<\/div>\n\t\t<div class=\"w-form-row for_text required with_icon\">\n\t\t<div class=\"w-form-row-field\">\n\t\t<i class=\"far fa-envelope\"><\/i>\t\t<input type=\"text\" name=\"us_form_1_text_2\" aria-label=\"Email\" value=\"\" placeholder=\"Email *\" data-required=\"true\" aria-required=\"true\"\/>\n\t\t\t<\/div>\n\t\t<div class=\"w-form-row-state\">Vous devez remplir ce champ<\/div>\n<\/div>\n\t\t<div class=\"w-form-row for_text required with_icon\">\n\t\t<div class=\"w-form-row-field\">\n\t\t<i class=\"far fa-phone\"><\/i>\t\t<input type=\"text\" name=\"us_form_1_text_3\" aria-label=\"Num\u00e9ro T\u00e9l\u00e9phonique\" value=\"\" placeholder=\"Num\u00e9ro T\u00e9l\u00e9phonique *\" data-required=\"true\" aria-required=\"true\"\/>\n\t\t\t<\/div>\n\t\t<div class=\"w-form-row-state\">Vous devez remplir ce champ<\/div>\n<\/div>\n\t\t<div class=\"w-form-row for_textarea required with_icon\">\n\t\t<div class=\"w-form-row-field\">\n\t\t<i class=\"far fa-pencil\"><\/i>\t\t<textarea  name=\"us_form_1_textarea_1\" aria-label=\"Le message\" placeholder=\"Le message *\" data-required=\"true\" aria-required=\"true\"><\/textarea>\n\t\t\t<\/div>\n\t\t<div class=\"w-form-row-state\">Vous devez remplir ce champ<\/div>\n<\/div>\n\t\t<input type=\"hidden\" name=\"action\" value=\"us_ajax_cform\" \/>\n\t\t<input type=\"hidden\" name=\"post_id\" value=\"962\" \/>\n\t\t<input type=\"hidden\" name=\"form_index\" value=\"1\" \/>\n\t\t<div class=\"w-form-row for_submit align_left\">\n\t<div class=\"w-form-row-field\">\n\t\t\t\t<button class=\"w-btn  us-btn-style_1\" type=\"submit\" aria-label=\"Send Message\">\n\t\t\t<span class=\"g-preloader type_1\"><\/span>\n\t\t\t\t\t\t<span class=\"w-btn-label\">Send Message<\/span>\n\t\t\t\t\t<\/button>\n\t<\/div>\n<\/div>\n\t\t\t\t\t<\/form>\n\t<div class=\"w-form-message\"><\/div>\n\t<div class=\"w-form-json hidden\" onclick='return {&quot;ajaxurl&quot;:&quot;https:\\\/\\\/elcaminoarete.com\\\/fr\\\/wp-admin\\\/admin-ajax.php&quot;}'><\/div>\n<\/div><\/div><\/div><\/div><\/div><\/div><\/div><\/div><\/div><\/div><\/section>\n","protected":false},"excerpt":{"rendered":"Je suis venu avec un esprit tr\u00e8s ouvert pour conna\u00eetre l'Espagne et faire un processus d'introspection en moi-m\u00eame. Le programme a r\u00e9pondu \u00e0 toutes mes attentes. Hojala pourrait revenir chaque ann\u00e9e et un jour faire le Chemin complet.","protected":false},"author":1,"featured_media":0,"parent":0,"menu_order":0,"comment_status":"closed","ping_status":"closed","template":"","meta":{"_exactmetrics_skip_tracking":false,"_exactmetrics_sitenote_active":false,"_exactmetrics_sitenote_note":"","_exactmetrics_sitenote_category":0,"footnotes":""},"yoast_head":"<!-- This site is optimized with the Yoast SEO plugin v22.1 - https:\/\/yoast.com\/wordpress\/plugins\/seo\/ -->\n<title>Home - Le Chemin Aret\u00e9<\/title>\n<meta name=\"robots\" content=\"index, follow, max-snippet:-1, max-image-preview:large, max-video-preview:-1\" \/>\n<link rel=\"canonical\" href=\"https:\/\/elcaminoarete.com\/fr\/\" \/>\n<meta property=\"og:locale\" content=\"fr_FR\" \/>\n<meta property=\"og:type\" content=\"article\" \/>\n<meta property=\"og:title\" content=\"Home - Le Chemin Aret\u00e9\" \/>\n<meta property=\"og:url\" content=\"https:\/\/elcaminoarete.com\/fr\/\" \/>\n<meta property=\"og:site_name\" content=\"Le Chemin Aret\u00e9\" \/>\n<meta property=\"article:modified_time\" content=\"2021-04-19T06:58:33+00:00\" \/>\n<meta name=\"twitter:card\" content=\"summary_large_image\" \/>\n<meta name=\"twitter:label1\" content=\"Dur\u00e9e de lecture estim\u00e9e\" \/>\n\t<meta name=\"twitter:data1\" content=\"12 minutes\" \/>\n<script type=\"application\/ld+json\" class=\"yoast-schema-graph\">{\"@context\":\"https:\/\/schema.org\",\"@graph\":[{\"@type\":\"WebPage\",\"@id\":\"https:\/\/elcaminoarete.com\/fr\/\",\"url\":\"https:\/\/elcaminoarete.com\/fr\/\",\"name\":\"Home - Le Chemin Aret\u00e9\",\"isPartOf\":{\"@id\":\"https:\/\/elcaminoarete.com\/fr\/#website\"},\"datePublished\":\"2019-02-21T11:21:01+00:00\",\"dateModified\":\"2021-04-19T06:58:33+00:00\",\"breadcrumb\":{\"@id\":\"https:\/\/elcaminoarete.com\/fr\/#breadcrumb\"},\"inLanguage\":\"fr-FR\",\"potentialAction\":[{\"@type\":\"ReadAction\",\"target\":[\"https:\/\/elcaminoarete.com\/fr\/\"]}]},{\"@type\":\"BreadcrumbList\",\"@id\":\"https:\/\/elcaminoarete.com\/fr\/#breadcrumb\",\"itemListElement\":[{\"@type\":\"ListItem\",\"position\":1,\"name\":\"Portada\",\"item\":\"https:\/\/elcaminoarete.com\/fr\/\"},{\"@type\":\"ListItem\",\"position\":2,\"name\":\"Home\"}]},{\"@type\":\"WebSite\",\"@id\":\"https:\/\/elcaminoarete.com\/fr\/#website\",\"url\":\"https:\/\/elcaminoarete.com\/fr\/\",\"name\":\"Le Chemin Aret\u00e9\",\"description\":\"Coaching a Le Chemin\",\"potentialAction\":[{\"@type\":\"SearchAction\",\"target\":{\"@type\":\"EntryPoint\",\"urlTemplate\":\"https:\/\/elcaminoarete.com\/fr\/?s={search_term_string}\"},\"query-input\":\"required name=search_term_string\"}],\"inLanguage\":\"fr-FR\"}]}<\/script>\n<!-- \/ Yoast SEO plugin. -->","yoast_head_json":{"title":"Home - Le Chemin Aret\u00e9","robots":{"index":"index","follow":"follow","max-snippet":"max-snippet:-1","max-image-preview":"max-image-preview:large","max-video-preview":"max-video-preview:-1"},"canonical":"https:\/\/elcaminoarete.com\/fr\/","og_locale":"fr_FR","og_type":"article","og_title":"Home - Le Chemin Aret\u00e9","og_url":"https:\/\/elcaminoarete.com\/fr\/","og_site_name":"Le Chemin Aret\u00e9","article_modified_time":"2021-04-19T06:58:33+00:00","twitter_card":"summary_large_image","twitter_misc":{"Dur\u00e9e de lecture estim\u00e9e":"12 minutes"},"schema":{"@context":"https:\/\/schema.org","@graph":[{"@type":"WebPage","@id":"https:\/\/elcaminoarete.com\/fr\/","url":"https:\/\/elcaminoarete.com\/fr\/","name":"Home - Le Chemin Aret\u00e9","isPartOf":{"@id":"https:\/\/elcaminoarete.com\/fr\/#website"},"datePublished":"2019-02-21T11:21:01+00:00","dateModified":"2021-04-19T06:58:33+00:00","breadcrumb":{"@id":"https:\/\/elcaminoarete.com\/fr\/#breadcrumb"},"inLanguage":"fr-FR","potentialAction":[{"@type":"ReadAction","target":["https:\/\/elcaminoarete.com\/fr\/"]}]},{"@type":"BreadcrumbList","@id":"https:\/\/elcaminoarete.com\/fr\/#breadcrumb","itemListElement":[{"@type":"ListItem","position":1,"name":"Portada","item":"https:\/\/elcaminoarete.com\/fr\/"},{"@type":"ListItem","position":2,"name":"Home"}]},{"@type":"WebSite","@id":"https:\/\/elcaminoarete.com\/fr\/#website","url":"https:\/\/elcaminoarete.com\/fr\/","name":"Le Chemin Aret\u00e9","description":"Coaching a Le Chemin","potentialAction":[{"@type":"SearchAction","target":{"@type":"EntryPoint","urlTemplate":"https:\/\/elcaminoarete.com\/fr\/?s={search_term_string}"},"query-input":"required name=search_term_string"}],"inLanguage":"fr-FR"}]}},"_links":{"self":[{"href":"https:\/\/elcaminoarete.com\/fr\/wp-json\/wp\/v2\/pages\/8"}],"collection":[{"href":"https:\/\/elcaminoarete.com\/fr\/wp-json\/wp\/v2\/pages"}],"about":[{"href":"https:\/\/elcaminoarete.com\/fr\/wp-json\/wp\/v2\/types\/page"}],"author":[{"embeddable":true,"href":"https:\/\/elcaminoarete.com\/fr\/wp-json\/wp\/v2\/users\/1"}],"replies":[{"embeddable":true,"href":"https:\/\/elcaminoarete.com\/fr\/wp-json\/wp\/v2\/comments?post=8"}],"version-history":[{"count":52,"href":"https:\/\/elcaminoarete.com\/fr\/wp-json\/wp\/v2\/pages\/8\/revisions"}],"predecessor-version":[{"id":1305,"href":"https:\/\/elcaminoarete.com\/fr\/wp-json\/wp\/v2\/pages\/8\/revisions\/1305"}],"wp:attachment":[{"href":"https:\/\/elcaminoarete.com\/fr\/wp-json\/wp\/v2\/media?parent=8"}],"curies":[{"name":"wp","href":"https:\/\/api.w.org\/{rel}","templated":true}]}}